{"id":195,"date":"2023-03-28T13:42:14","date_gmt":"2023-03-28T13:42:14","guid":{"rendered":"http:\/\/www.hospitaldeclinicas.uba.ar\/?page_id=195"},"modified":"2024-02-02T10:51:06","modified_gmt":"2024-02-02T13:51:06","slug":"prensa","status":"publish","type":"page","link":"https:\/\/www.hospitaldeclinicas.uba.ar\/?page_id=195","title":{"rendered":"Prensa"},"content":{"rendered":"\n<h3 class=\"has-cyan-bluish-gray-background-color has-background has-medium-font-size\">Nota de la semana<\/h3>\n\n\n\n<h2 class=\"wp-block-heading\">A la sombra e hidratados: el ABC para evitar un golpe de calor\u00a0<\/h2>\n\n\n<div class=\"wp-block-image\">\n<figure class=\"alignright size-full is-resized\"><img loading=\"lazy\" decoding=\"async\" width=\"6912\" height=\"3456\" src=\"https:\/\/www.hospitaldeclinicas.uba.ar\/wp-content\/uploads\/2024\/02\/Dia-mundial-de-la-Voz.png\" alt=\"\" class=\"wp-image-2261\" style=\"width:380px;height:auto\"\/><\/figure><\/div>\n\n\n<p><strong><strong>Especialistas del Hospital de Cl\u00ednicas de la UBA alertan sobre el impacto de esta nueva ola de calor en la salud. Buscar lugares frescos, preferir espacios verdes, evitar horarios donde el sol es m\u00e1s fuerte y llevar una alimentaci\u00f3n e hidrataci\u00f3n adecuadas son algunas de las recomendaciones para no sufrir los problemas m\u00e1s frecuentes frente a este tipo de fen\u00f3menos meteorol\u00f3gicos.<\/strong><\/strong><\/p>\n\n\n\n<p><a href=\"https:\/\/www.hospitaldeclinicas.uba.ar\/index.php\/a-la-sombra-e-hidratados-el-abc-para-evitar-un-golpe-de-calor\/\" title=\"\"><mark style=\"background-color:rgba(0, 0, 0, 0)\" class=\"has-inline-color has-vivid-cyan-blue-color\">Seguir Leyendo<\/mark><\/a><\/p>\n\n\n\n<div style=\"height:29px\" aria-hidden=\"true\" class=\"wp-block-spacer\"><\/div>\n\n\n\n<p><\/p>\n\n\n\n<h3 class=\"has-cyan-bluish-gray-background-color has-background has-medium-font-size\">Otros art\u00edculos de inter\u00e9s<\/h3>\n\n\n\n<p><strong><a href=\"https:\/\/www.hospitaldeclinicas.uba.ar\/index.php\/tomar-agua-rutina-imprescindible-en-el-verano\/\" title=\"\"><mark style=\"background-color:rgba(0, 0, 0, 0)\" class=\"has-inline-color has-vivid-cyan-blue-color\">Tomar agua: rutina imprescindible en el verano<\/mark><\/a><\/strong><\/p>\n\n\n\n<p><strong><a href=\"https:\/\/www.hospitaldeclinicas.uba.ar\/index.php\/tomar-la-teta-garantia-del-bienestar-fisico-y-emocional-desde-la-primera-etapa-de-la-vida\/\" data-type=\"URL\" data-id=\"https:\/\/www.hospitaldeclinicas.uba.ar\/index.php\/31-de-mayo-dia-mundial-sin-tabaco\/\"><mark style=\"background-color:rgba(0, 0, 0, 0)\" class=\"has-inline-color has-vivid-cyan-blue-color\">Tomar la teta: garant\u00eda del bienestar f\u00edsico y emocional desde la primera etapa de la vida<\/mark><\/a><\/strong><\/p>\n\n\n\n<p><strong><a href=\"https:\/\/www.hospitaldeclinicas.uba.ar\/index.php\/31-de-mayo-dia-mundial-sin-tabaco\/\" data-type=\"URL\" data-id=\"https:\/\/www.hospitaldeclinicas.uba.ar\/index.php\/31-de-mayo-dia-mundial-sin-tabaco\/\"><mark style=\"background-color:rgba(0, 0, 0, 0)\" class=\"has-inline-color has-vivid-cyan-blue-color\">31 de Mayo: D\u00eda Mundial sin Tabaco<\/mark><\/a><\/strong><\/p>\n\n\n\n<p><strong><a href=\"https:\/\/www.hospitaldeclinicas.uba.ar\/index.php\/claves-para-prevenir-la-intoxicacion-por-monoxido-de-carbono\/\" data-type=\"URL\" data-id=\"https:\/\/www.hospitaldeclinicas.uba.ar\/index.php\/claves-para-prevenir-la-intoxicacion-por-monoxido-de-carbono\/\"><mark style=\"background-color:rgba(0, 0, 0, 0)\" class=\"has-inline-color has-vivid-cyan-blue-color\">Claves para prevenir la intoxicaci\u00f3n por mon\u00f3xido de carbono<\/mark><\/a><\/strong><\/p>\n\n\n\n<p><a href=\"https:\/\/www.hospitaldeclinicas.uba.ar\/index.php\/esclerosis-multiple-una-enfermedad-autoinmune-dificil-de-diagnosticar\/\" data-type=\"URL\" data-id=\"https:\/\/www.hospitaldeclinicas.uba.ar\/index.php\/esclerosis-multiple-una-enfermedad-autoinmune-dificil-de-diagnosticar\/\"><mark style=\"background-color:rgba(0, 0, 0, 0)\" class=\"has-inline-color has-vivid-cyan-blue-color\"><strong>Esclerosis M\u00faltiple: Una enfermedad autoinmune dif\u00edcil de diagnosticar<\/strong><\/mark><\/a><\/p>\n\n\n\n<p><a href=\"https:\/\/www.hospitaldeclinicas.uba.ar\/index.php\/2-de-mayo-dia-mundial-del-asma-vivir-mejor-es-posible-y-esta-al-alcance-de-todos\/\" data-type=\"URL\" data-id=\"https:\/\/www.hospitaldeclinicas.uba.ar\/index.php\/2-de-mayo-dia-mundial-del-asma-vivir-mejor-es-posible-y-esta-al-alcance-de-todos\/\"><mark style=\"background-color:rgba(0, 0, 0, 0)\" class=\"has-inline-color has-vivid-cyan-blue-color\"> <strong>2 de mayo D\u00eda Mundial del Asma: vivir mejor es posible y est\u00e1 al alcance de todos<\/strong><\/mark><\/a><\/p>\n\n\n\n<p><a href=\"https:\/\/www.hospitaldeclinicas.uba.ar\/index.php\/caida-del-cabello-mitos-dietas-preguntas-frecuentes-y-cada-vez-mas-gente-joven-en-el-consultorio\/\" data-type=\"URL\" data-id=\"https:\/\/www.hospitaldeclinicas.uba.ar\/index.php\/caida-del-cabello-mitos-dietas-preguntas-frecuentes-y-cada-vez-mas-gente-joven-en-el-consultorio\/\"><mark style=\"background-color:rgba(0, 0, 0, 0)\" class=\"has-inline-color has-vivid-cyan-blue-color\"> <strong>Ca\u00edda del cabello: Mitos, dietas, preguntas frecuentes y cada vez m\u00e1s gente joven en el consultorio<\/strong>&nbsp;<\/mark><\/a><\/p>\n\n\n\n<h3 class=\"has-cyan-bluish-gray-background-color has-background has-medium-font-size\">Contacto<\/h3>\n\n\n\n<p><strong>Correo electr\u00f3nico:&nbsp;<\/strong>prensa@hospitaldeclinicas.uba.ar \/ comunicacioninstitucionalhdc@gmail.com<\/p>\n\n\n\n<p><strong>Tel\u00e9fono:&nbsp;<\/strong>5950-8622\/8623\/8547<\/p>\n","protected":false},"excerpt":{"rendered":"<p>Nota de la semana A la sombra e hidratados: el ABC para evitar un golpe de calor\u00a0 Especialistas del Hospital de Cl\u00ednicas de la UBA alertan sobre el impacto de esta nueva ola de calor en la salud. Buscar lugares frescos, preferir espacios verdes, evitar horarios donde el sol es m\u00e1s fuerte y llevar una&hellip;<\/p>\n","protected":false},"author":1,"featured_media":0,"parent":0,"menu_order":0,"comment_status":"closed","ping_status":"closed","template":"","meta":{"footnotes":""},"class_list":["post-195","page","type-page","status-publish","hentry"],"aioseo_notices":[],"_links":{"self":[{"href":"https:\/\/www.hospitaldeclinicas.uba.ar\/index.php?rest_route=\/wp\/v2\/pages\/195","targetHints":{"allow":["GET"]}}],"collection":[{"href":"https:\/\/www.hospitaldeclinicas.uba.ar\/index.php?rest_route=\/wp\/v2\/pages"}],"about":[{"href":"https:\/\/www.hospitaldeclinicas.uba.ar\/index.php?rest_route=\/wp\/v2\/types\/page"}],"author":[{"embeddable":true,"href":"https:\/\/www.hospitaldeclinicas.uba.ar\/index.php?rest_route=\/wp\/v2\/users\/1"}],"replies":[{"embeddable":true,"href":"https:\/\/www.hospitaldeclinicas.uba.ar\/index.php?rest_route=%2Fwp%2Fv2%2Fcomments&post=195"}],"version-history":[{"count":41,"href":"https:\/\/www.hospitaldeclinicas.uba.ar\/index.php?rest_route=\/wp\/v2\/pages\/195\/revisions"}],"predecessor-version":[{"id":2272,"href":"https:\/\/www.hospitaldeclinicas.uba.ar\/index.php?rest_route=\/wp\/v2\/pages\/195\/revisions\/2272"}],"wp:attachment":[{"href":"https:\/\/www.hospitaldeclinicas.uba.ar\/index.php?rest_route=%2Fwp%2Fv2%2Fmedia&parent=195"}],"curies":[{"name":"wp","href":"https:\/\/api.w.org\/{rel}","templated":true}]}}